{"id":40,"date":"2020-02-14T14:05:26","date_gmt":"2020-02-14T13:05:26","guid":{"rendered":"http:\/\/v2lconsultant.fr\/?page_id=40"},"modified":"2025-03-22T18:06:01","modified_gmt":"2025-03-22T17:06:01","slug":"a-propos-veronique-le-lann","status":"publish","type":"page","link":"https:\/\/v2lconsultant.fr\/index.php\/a-propos-veronique-le-lann\/","title":{"rendered":"Le consultant rh et coach, V\u00e9ronique Le lann"},"content":{"rendered":"\n<hr class=\"wp-block-separator has-css-opacity\"\/>\n\n\n\n<h1 class=\"wp-block-heading has-black-color has-text-color\" id=\"h-bienvenue-chez-v2l-consultant-et-v2-ailes-cabinet-d-hypnose\" style=\"font-size:22px\">V\u00e9ronique Le Lann est consultante rh freelance, coach carri\u00e8re et bien-\u00eatre au service de votre changement ou de votre entreprise. Son expertise de plus de 20 ans en management de projets, en ing\u00e9nierie de formation sur des programmes d\u00e9di\u00e9s aux cadres\/dirigeants d&rsquo;entreprise fait d&rsquo;elle une alli\u00e9e solide et professionnelle. Elle vous guide \u00e9galement dans les prochaines \u00e9tapes de votre \u00e9volution professionnelle ou personnelle en coaching, bilans de comp\u00e9tences et hypnose ericksonienne.<\/h1>\n\n\n\n<div style=\"height:53px\" aria-hidden=\"true\" class=\"wp-block-spacer\"><\/div>\n\n\n\n<div class=\"wp-block-columns is-layout-flex wp-container-core-columns-is-layout-9d6595d7 wp-block-columns-is-layout-flex\">\n<div class=\"wp-block-column is-layout-flow wp-block-column-is-layout-flow\">\n<div class=\"wp-block-cover aligncenter is-light\" style=\"min-height:371px;aspect-ratio:unset;\"><span aria-hidden=\"true\" class=\"wp-block-cover__background has-white-background-color has-background-dim-10 has-background-dim\"><\/span><img loading=\"lazy\" decoding=\"async\" width=\"1750\" height=\"1431\" class=\"wp-block-cover__image-background wp-image-1586\" alt=\"\" src=\"https:\/\/v2lconsultant.fr\/wp-content\/uploads\/2021\/08\/WIN_20210831_12_12_21_Pro-Copie-4.jpg\" data-object-fit=\"cover\" srcset=\"https:\/\/v2lconsultant.fr\/wp-content\/uploads\/2021\/08\/WIN_20210831_12_12_21_Pro-Copie-4.jpg 1750w, https:\/\/v2lconsultant.fr\/wp-content\/uploads\/2021\/08\/WIN_20210831_12_12_21_Pro-Copie-4-300x245.jpg 300w, https:\/\/v2lconsultant.fr\/wp-content\/uploads\/2021\/08\/WIN_20210831_12_12_21_Pro-Copie-4-1024x837.jpg 1024w, https:\/\/v2lconsultant.fr\/wp-content\/uploads\/2021\/08\/WIN_20210831_12_12_21_Pro-Copie-4-768x628.jpg 768w, https:\/\/v2lconsultant.fr\/wp-content\/uploads\/2021\/08\/WIN_20210831_12_12_21_Pro-Copie-4-1536x1256.jpg 1536w\" sizes=\"auto, (max-width: 1750px) 100vw, 1750px\" \/><div class=\"wp-block-cover__inner-container is-layout-flow wp-block-cover-is-layout-flow\">\n<p class=\"has-text-align-center has-large-font-size\"><\/p>\n<\/div><\/div>\n<\/div>\n\n\n\n<div class=\"wp-block-column is-vertically-aligned-center is-layout-flow wp-block-column-is-layout-flow\">\n<div style=\"height:13px\" aria-hidden=\"true\" class=\"wp-block-spacer\"><\/div>\n\n\n\n<p style=\"font-size:20px\"><strong>V\u00e9ronique Le Lann, fondatrice de V2L Consultant<\/strong><\/p>\n\n\n\n<p style=\"font-size:15px\">Directrice de projets de formation, Manager de transition RH, Coach carri\u00e8re, hypnoth\u00e9rapeute<\/p>\n\n\n\n<p class=\"has-black-color has-text-color\" style=\"font-size:17px\">\u00ab\u00a0<strong>J\u2019accompagne mes clients \u00e0 aller au bout de leur projet de changement.<\/strong> Je mets ainsi tout en \u0153uvre pour faciliter la r\u00e9flexion, pour donner un cadre, de la fluidit\u00e9 \u00e0 chaque \u00e9tape, anticiper les probl\u00e9matiques, garder le cap et les objectifs fix\u00e9s pour tous les acteurs, favoriser la compr\u00e9hension, d\u00e9velopper la coh\u00e9sion et la communication, veiller aux enjeux et au respect de chacun. Ensemble, nous vivons une exp\u00e9rience unique et enrichissante humainement et intellectuellement.\u00a0\u00bb<\/p>\n<\/div>\n<\/div>\n\n\n\n<div style=\"height:47px\" aria-hidden=\"true\" class=\"wp-block-spacer\"><\/div>\n\n\n\n<blockquote class=\"wp-block-quote has-background is-layout-flow wp-block-quote-is-layout-flow\" style=\"background-color:#42326e\">\n<p class=\"has-background\" style=\"background-color:#e2d4fc;font-size:18px\"><strong><em>Mon apprentissage n&rsquo;a de fruit que de me faire sentir combien il me reste \u00e0 apprendre<\/em><\/strong>, Michel de Montaigne, Essais<\/p>\n<\/blockquote>\n\n\n\n<div style=\"height:48px\" aria-hidden=\"true\" class=\"wp-block-spacer\"><\/div>\n\n\n\n<h1 class=\"wp-block-heading has-black-color has-text-color\" id=\"h-qui-suis-je\"><strong>Mon parcours <\/strong><\/h1>\n\n\n\n<hr class=\"wp-block-separator has-css-opacity\"\/>\n\n\n\n<div class=\"wp-block-columns is-layout-flex wp-container-core-columns-is-layout-9d6595d7 wp-block-columns-is-layout-flex\">\n<div class=\"wp-block-column is-vertically-aligned-center is-layout-flow wp-block-column-is-layout-flow\">\n<div style=\"height:12px\" aria-hidden=\"true\" class=\"wp-block-spacer\"><\/div>\n\n\n\n<p style=\"font-size:17px\">J&rsquo;aime <strong>cr\u00e9er des liens et aider \u00e0 en cr\u00e9er<\/strong>.<\/p>\n\n\n\n<p style=\"font-size:17px\"><strong>Apprendre<\/strong>, <strong>venir \u00e0 la rencontre de l&rsquo;autre dans ce qu&rsquo;il est, ce qu&rsquo;il ressent, ce qu&rsquo;il peut devenir et ce qu&rsquo;il fait, est au c\u0153ur de mon activit\u00e9.<\/strong><\/p>\n\n\n\n<p style=\"font-size:17px\">Dipl\u00f4m\u00e9e en master 2 de management de projets europ\u00e9ens, je m&rsquo;appuie dans mes interventions, sur plus <strong>20 ann\u00e9es d&rsquo;exp\u00e9rience dans le secteur de la formation continue des cadres et dirigeants en qualit\u00e9 de directrice de projets<\/strong> <strong>(<a href=\"https:\/\/www.hec.edu\/fr\" target=\"_blank\" rel=\"noreferrer noopener\">HEC Paris<\/a>, <a href=\"https:\/\/www.essec.edu\/fr\/\" target=\"_blank\" rel=\"noreferrer noopener\">ESSEC<\/a>, <a href=\"https:\/\/www.eliorgroup.com\/fr\" target=\"_blank\" rel=\"noreferrer noopener\">DRH corporate du groupe Elior<\/a>)<\/strong> <strong>et de consultante ind\u00e9pendante depuis 2016.<\/strong> J&rsquo;ai poursuivi mon \u00e9panouissement dans l&rsquo;accompagnement individuel par l&rsquo;obtention des certificats en programmation neuro-linguistique (<a href=\"https:\/\/www.ifpnl.fr\/\" target=\"_blank\" rel=\"noreferrer noopener\">IFPNL<\/a>), <strong>en accompagnement des transitions professionnelles<\/strong> (N\u00b03215 du r\u00e9pertoire sp\u00e9cifique de la CNCP), et en hypnose ericksonienne (Arche Formation)<\/p>\n\n\n\n<p style=\"font-size:17px\">Vous pourrez compter sur mon implication, ma sensibilit\u00e9, ma force de conviction, mon \u00e9coute, mon sens pouss\u00e9 de l&rsquo;analyse et de la m\u00e9thode, mon intuition tr\u00e8s affut\u00e9e et mes capacit\u00e9s d&rsquo;adaptation et de cr\u00e9ativit\u00e9.<\/p>\n\n\n\n<p style=\"font-size:17px\"><\/p>\n<\/div>\n\n\n\n<div class=\"wp-block-column is-vertically-aligned-center is-layout-flow wp-block-column-is-layout-flow\">\n<div class=\"wp-block-cover aligncenter\" style=\"min-height:533px;aspect-ratio:unset;\"><span aria-hidden=\"true\" class=\"wp-block-cover__background has-white-background-color has-background-dim-0 has-background-dim\"><\/span><img loading=\"lazy\" decoding=\"async\" width=\"1920\" height=\"1282\" class=\"wp-block-cover__image-background wp-image-47\" alt=\"\" src=\"https:\/\/v2lconsultant.fr\/wp-content\/uploads\/2020\/02\/davide-ragusa-225093-scaled.jpg\" style=\"object-position:75% 50%\" data-object-fit=\"cover\" data-object-position=\"75% 50%\" srcset=\"https:\/\/v2lconsultant.fr\/wp-content\/uploads\/2020\/02\/davide-ragusa-225093-scaled.jpg 1920w, https:\/\/v2lconsultant.fr\/wp-content\/uploads\/2020\/02\/davide-ragusa-225093-300x200.jpg 300w, https:\/\/v2lconsultant.fr\/wp-content\/uploads\/2020\/02\/davide-ragusa-225093-1024x684.jpg 1024w, https:\/\/v2lconsultant.fr\/wp-content\/uploads\/2020\/02\/davide-ragusa-225093-768x513.jpg 768w, https:\/\/v2lconsultant.fr\/wp-content\/uploads\/2020\/02\/davide-ragusa-225093-1536x1025.jpg 1536w, https:\/\/v2lconsultant.fr\/wp-content\/uploads\/2020\/02\/davide-ragusa-225093-2048x1367.jpg 2048w\" sizes=\"auto, (max-width: 1920px) 100vw, 1920px\" \/><div class=\"wp-block-cover__inner-container is-layout-flow wp-block-cover-is-layout-flow\">\n<p><\/p>\n<\/div><\/div>\n<\/div>\n<\/div>\n\n\n\n<div style=\"height:27px\" aria-hidden=\"true\" class=\"wp-block-spacer\"><\/div>\n\n\n\n<div class=\"wp-block-buttons is-content-justification-center is-layout-flex wp-container-core-buttons-is-layout-16018d1d wp-block-buttons-is-layout-flex\">\n<div class=\"wp-block-button has-custom-width wp-block-button__width-25 has-custom-font-size is-style-fill has-medium-font-size\"><a class=\"wp-block-button__link has-black-color has-text-color has-background wp-element-button\" href=\"https:\/\/www.linkedin.com\/in\/veroniquelelann13\/\" style=\"background-color:#c7b693\" target=\"_blank\" rel=\"noreferrer noopener\"><strong>Linkedin<\/strong><\/a><\/div>\n<\/div>\n\n\n\n<div style=\"height:69px\" aria-hidden=\"true\" class=\"wp-block-spacer\"><\/div>\n\n\n\n<h1 class=\"wp-block-heading has-large-font-size\"><strong>Mon ambition<\/strong><\/h1>\n\n\n\n<hr class=\"wp-block-separator has-alpha-channel-opacity\"\/>\n\n\n\n<div class=\"wp-block-columns is-layout-flex wp-container-core-columns-is-layout-9d6595d7 wp-block-columns-is-layout-flex\">\n<div class=\"wp-block-column is-layout-flow wp-block-column-is-layout-flow\">\n<div class=\"wp-block-cover is-light\" style=\"min-height:337px;aspect-ratio:unset;\"><span aria-hidden=\"true\" class=\"wp-block-cover__background has-background-dim-70 has-background-dim\" style=\"background-color:#e2d4fc\"><\/span><img loading=\"lazy\" decoding=\"async\" width=\"2560\" height=\"1707\" class=\"wp-block-cover__image-background wp-image-3071\" alt=\"\" src=\"https:\/\/v2lconsultant.fr\/wp-content\/uploads\/2025\/03\/patti-black-eB-aThMXn0Y-unsplash-scaled.jpg\" style=\"object-position:56% 16%\" data-object-fit=\"cover\" data-object-position=\"56% 16%\" srcset=\"https:\/\/v2lconsultant.fr\/wp-content\/uploads\/2025\/03\/patti-black-eB-aThMXn0Y-unsplash-scaled.jpg 2560w, https:\/\/v2lconsultant.fr\/wp-content\/uploads\/2025\/03\/patti-black-eB-aThMXn0Y-unsplash-300x200.jpg 300w, https:\/\/v2lconsultant.fr\/wp-content\/uploads\/2025\/03\/patti-black-eB-aThMXn0Y-unsplash-1024x683.jpg 1024w, https:\/\/v2lconsultant.fr\/wp-content\/uploads\/2025\/03\/patti-black-eB-aThMXn0Y-unsplash-768x512.jpg 768w, https:\/\/v2lconsultant.fr\/wp-content\/uploads\/2025\/03\/patti-black-eB-aThMXn0Y-unsplash-1536x1024.jpg 1536w, https:\/\/v2lconsultant.fr\/wp-content\/uploads\/2025\/03\/patti-black-eB-aThMXn0Y-unsplash-2048x1365.jpg 2048w\" sizes=\"auto, (max-width: 2560px) 100vw, 2560px\" \/><div class=\"wp-block-cover__inner-container is-layout-constrained wp-block-cover-is-layout-constrained\">\n<p class=\"has-text-align-center has-black-color has-text-color has-link-color wp-elements-1bffda57a6e5fe091500928272fe9efe\" style=\"font-size:26px\"><strong>Etre l&rsquo;artisan de r\u00e9f\u00e9rence et de confiance dans la cr\u00e9ation et le pilotage de projets RH et de formations sur mesure \u00e0 forts enjeux strat\u00e9giques<\/strong><\/p>\n<\/div><\/div>\n<\/div>\n\n\n\n<div class=\"wp-block-column is-layout-flow wp-block-column-is-layout-flow\">\n<div class=\"wp-block-cover is-light\" style=\"min-height:337px;aspect-ratio:unset;\"><span aria-hidden=\"true\" class=\"wp-block-cover__background has-background-dim-70 has-background-dim\" style=\"background-color:#e2d4fc\"><\/span><img loading=\"lazy\" decoding=\"async\" width=\"2560\" height=\"1707\" class=\"wp-block-cover__image-background wp-image-3073\" alt=\"\" src=\"https:\/\/v2lconsultant.fr\/wp-content\/uploads\/2025\/03\/meina-yin-6JaMGEks9t8-unsplash-scaled.jpg\" style=\"object-position:53% 50%\" data-object-fit=\"cover\" data-object-position=\"53% 50%\" srcset=\"https:\/\/v2lconsultant.fr\/wp-content\/uploads\/2025\/03\/meina-yin-6JaMGEks9t8-unsplash-scaled.jpg 2560w, https:\/\/v2lconsultant.fr\/wp-content\/uploads\/2025\/03\/meina-yin-6JaMGEks9t8-unsplash-300x200.jpg 300w, https:\/\/v2lconsultant.fr\/wp-content\/uploads\/2025\/03\/meina-yin-6JaMGEks9t8-unsplash-1024x683.jpg 1024w, https:\/\/v2lconsultant.fr\/wp-content\/uploads\/2025\/03\/meina-yin-6JaMGEks9t8-unsplash-768x512.jpg 768w, https:\/\/v2lconsultant.fr\/wp-content\/uploads\/2025\/03\/meina-yin-6JaMGEks9t8-unsplash-1536x1024.jpg 1536w, https:\/\/v2lconsultant.fr\/wp-content\/uploads\/2025\/03\/meina-yin-6JaMGEks9t8-unsplash-2048x1365.jpg 2048w\" sizes=\"auto, (max-width: 2560px) 100vw, 2560px\" \/><div class=\"wp-block-cover__inner-container is-layout-constrained wp-block-cover-is-layout-constrained\">\n<p class=\"has-text-align-center has-black-color has-text-color has-link-color wp-elements-52712497c11e1f697a5ea8f63b37e3d3\" style=\"font-size:26px\"><strong>R\u00e9v\u00e9ler la beaut\u00e9 et la force en chacun avec respect, empathie et responsabilit\u00e9<\/strong><\/p>\n<\/div><\/div>\n<\/div>\n<\/div>\n\n\n\n<div style=\"height:44px\" aria-hidden=\"true\" class=\"wp-block-spacer\"><\/div>\n\n\n\n<div class=\"wp-block-buttons is-content-justification-center is-layout-flex wp-container-core-buttons-is-layout-16018d1d wp-block-buttons-is-layout-flex\">\n<div class=\"wp-block-button has-custom-width wp-block-button__width-25 is-style-fill\"><a class=\"wp-block-button__link has-white-color has-text-color has-background wp-element-button\" href=\"https:\/\/calendly.com\/v2lconsultant\/1er_contact\" style=\"background-color:#42326e\"><strong>Prendre RDV<\/strong><\/a><\/div>\n<\/div>\n\n\n\n<div style=\"height:55px\" aria-hidden=\"true\" class=\"wp-block-spacer\"><\/div>\n\n\n<div class=\"wp-block-image\">\n<figure class=\"aligncenter size-full is-resized\"><img loading=\"lazy\" decoding=\"async\" width=\"1733\" height=\"1035\" src=\"https:\/\/v2lconsultant.fr\/wp-content\/uploads\/2022\/08\/LOGO-V2L_NOIR_BASE-LINE.jpg\" alt=\"\" class=\"wp-image-1698\" style=\"width:634px;height:auto\" srcset=\"https:\/\/v2lconsultant.fr\/wp-content\/uploads\/2022\/08\/LOGO-V2L_NOIR_BASE-LINE.jpg 1733w, https:\/\/v2lconsultant.fr\/wp-content\/uploads\/2022\/08\/LOGO-V2L_NOIR_BASE-LINE-300x179.jpg 300w, https:\/\/v2lconsultant.fr\/wp-content\/uploads\/2022\/08\/LOGO-V2L_NOIR_BASE-LINE-1024x612.jpg 1024w, https:\/\/v2lconsultant.fr\/wp-content\/uploads\/2022\/08\/LOGO-V2L_NOIR_BASE-LINE-768x459.jpg 768w, https:\/\/v2lconsultant.fr\/wp-content\/uploads\/2022\/08\/LOGO-V2L_NOIR_BASE-LINE-1536x917.jpg 1536w\" sizes=\"auto, (max-width: 1733px) 100vw, 1733px\" \/><\/figure>\n<\/div>\n\n\n<p><\/p>\n","protected":false},"excerpt":{"rendered":"<p>V\u00e9ronique Le Lann est consultante rh freelance, coach carri\u00e8re et bien-\u00eatre au service de votre changement ou de votre entreprise. Son expertise de plus de 20 ans en management de projets, en ing\u00e9nierie de formation sur des programmes d\u00e9di\u00e9s aux cadres\/dirigeants d&rsquo;entreprise fait d&rsquo;elle une alli\u00e9e solide et professionnelle. Elle vous guide \u00e9galement dans les <a href=\"https:\/\/v2lconsultant.fr\/index.php\/a-propos-veronique-le-lann\/\" class=\"read-more inline\">Read More<\/a><\/p>\n","protected":false},"author":2,"featured_media":0,"parent":0,"menu_order":0,"comment_status":"closed","ping_status":"closed","template":"","meta":{"footnotes":""},"class_list":["post-40","page","type-page","status-publish","hentry"],"yoast_head":"<!-- This site is optimized with the Yoast SEO plugin v27.5 - https:\/\/yoast.com\/product\/yoast-seo-wordpress\/ -->\n<title>Le consultant rh et coach, V\u00e9ronique Le lann - V2L Consultant %<\/title>\n<meta name=\"description\" content=\"Une sp\u00e9cialiste de l&#039;ing\u00e9nierie de formation, du management de projets RH et de l&#039;accompagnement des \u00e9volutions professionnelles\" \/>\n<meta name=\"robots\" content=\"index, follow, max-snippet:-1, max-image-preview:large, max-video-preview:-1\" \/>\n<link rel=\"canonical\" href=\"https:\/\/v2lconsultant.fr\/index.php\/a-propos-veronique-le-lann\/\" \/>\n<meta property=\"og:locale\" content=\"fr_FR\" \/>\n<meta property=\"og:type\" content=\"article\" \/>\n<meta property=\"og:title\" content=\"Le consultant rh et coach, V\u00e9ronique Le lann - V2L Consultant %\" \/>\n<meta property=\"og:description\" content=\"Une sp\u00e9cialiste de l&#039;ing\u00e9nierie de formation, du management de projets RH et de l&#039;accompagnement des \u00e9volutions professionnelles\" \/>\n<meta property=\"og:url\" content=\"https:\/\/v2lconsultant.fr\/index.php\/a-propos-veronique-le-lann\/\" \/>\n<meta property=\"og:site_name\" content=\"V2L Consultant\" \/>\n<meta property=\"article:publisher\" content=\"https:\/\/www.facebook.com\/v2lconsultant\" \/>\n<meta property=\"article:modified_time\" content=\"2025-03-22T17:06:01+00:00\" \/>\n<meta property=\"og:image\" content=\"https:\/\/v2lconsultant.fr\/wp-content\/uploads\/2021\/08\/WIN_20210831_12_12_21_Pro-Copie-4.jpg\" \/>\n\t<meta property=\"og:image:width\" content=\"1750\" \/>\n\t<meta property=\"og:image:height\" content=\"1431\" \/>\n\t<meta property=\"og:image:type\" content=\"image\/jpeg\" \/>\n<meta name=\"twitter:card\" content=\"summary_large_image\" \/>\n<meta name=\"twitter:label1\" content=\"Dur\u00e9e de lecture estim\u00e9e\" \/>\n\t<meta name=\"twitter:data1\" content=\"3 minutes\" \/>\n<script type=\"application\/ld+json\" class=\"yoast-schema-graph\">{\"@context\":\"https:\\\/\\\/schema.org\",\"@graph\":[{\"@type\":\"WebPage\",\"@id\":\"https:\\\/\\\/v2lconsultant.fr\\\/index.php\\\/a-propos-veronique-le-lann\\\/\",\"url\":\"https:\\\/\\\/v2lconsultant.fr\\\/index.php\\\/a-propos-veronique-le-lann\\\/\",\"name\":\"Le consultant rh et coach, V\u00e9ronique Le lann - V2L Consultant %\",\"isPartOf\":{\"@id\":\"https:\\\/\\\/v2lconsultant.fr\\\/#website\"},\"primaryImageOfPage\":{\"@id\":\"https:\\\/\\\/v2lconsultant.fr\\\/index.php\\\/a-propos-veronique-le-lann\\\/#primaryimage\"},\"image\":{\"@id\":\"https:\\\/\\\/v2lconsultant.fr\\\/index.php\\\/a-propos-veronique-le-lann\\\/#primaryimage\"},\"thumbnailUrl\":\"https:\\\/\\\/v2lconsultant.fr\\\/wp-content\\\/uploads\\\/2021\\\/08\\\/WIN_20210831_12_12_21_Pro-Copie-4.jpg\",\"datePublished\":\"2020-02-14T13:05:26+00:00\",\"dateModified\":\"2025-03-22T17:06:01+00:00\",\"description\":\"Une sp\u00e9cialiste de l'ing\u00e9nierie de formation, du management de projets RH et de l'accompagnement des \u00e9volutions professionnelles\",\"breadcrumb\":{\"@id\":\"https:\\\/\\\/v2lconsultant.fr\\\/index.php\\\/a-propos-veronique-le-lann\\\/#breadcrumb\"},\"inLanguage\":\"fr-FR\",\"potentialAction\":[{\"@type\":\"ReadAction\",\"target\":[\"https:\\\/\\\/v2lconsultant.fr\\\/index.php\\\/a-propos-veronique-le-lann\\\/\"]}]},{\"@type\":\"ImageObject\",\"inLanguage\":\"fr-FR\",\"@id\":\"https:\\\/\\\/v2lconsultant.fr\\\/index.php\\\/a-propos-veronique-le-lann\\\/#primaryimage\",\"url\":\"https:\\\/\\\/v2lconsultant.fr\\\/wp-content\\\/uploads\\\/2021\\\/08\\\/WIN_20210831_12_12_21_Pro-Copie-4.jpg\",\"contentUrl\":\"https:\\\/\\\/v2lconsultant.fr\\\/wp-content\\\/uploads\\\/2021\\\/08\\\/WIN_20210831_12_12_21_Pro-Copie-4.jpg\",\"width\":1750,\"height\":1431},{\"@type\":\"BreadcrumbList\",\"@id\":\"https:\\\/\\\/v2lconsultant.fr\\\/index.php\\\/a-propos-veronique-le-lann\\\/#breadcrumb\",\"itemListElement\":[{\"@type\":\"ListItem\",\"position\":1,\"name\":\"Accueil\",\"item\":\"https:\\\/\\\/v2lconsultant.fr\\\/\"},{\"@type\":\"ListItem\",\"position\":2,\"name\":\"Le consultant rh et coach, V\u00e9ronique Le lann\"}]},{\"@type\":\"WebSite\",\"@id\":\"https:\\\/\\\/v2lconsultant.fr\\\/#website\",\"url\":\"https:\\\/\\\/v2lconsultant.fr\\\/\",\"name\":\"V2Lconsultant\",\"description\":\"FAITES DE VOTRE PROJET, UN REVE CONCRET!\",\"publisher\":{\"@id\":\"https:\\\/\\\/v2lconsultant.fr\\\/#organization\"},\"potentialAction\":[{\"@type\":\"SearchAction\",\"target\":{\"@type\":\"EntryPoint\",\"urlTemplate\":\"https:\\\/\\\/v2lconsultant.fr\\\/?s={search_term_string}\"},\"query-input\":{\"@type\":\"PropertyValueSpecification\",\"valueRequired\":true,\"valueName\":\"search_term_string\"}}],\"inLanguage\":\"fr-FR\"},{\"@type\":\"Organization\",\"@id\":\"https:\\\/\\\/v2lconsultant.fr\\\/#organization\",\"name\":\"V2L consultant\",\"url\":\"https:\\\/\\\/v2lconsultant.fr\\\/\",\"logo\":{\"@type\":\"ImageObject\",\"inLanguage\":\"fr-FR\",\"@id\":\"https:\\\/\\\/v2lconsultant.fr\\\/#\\\/schema\\\/logo\\\/image\\\/\",\"url\":\"https:\\\/\\\/v2lconsultant.fr\\\/wp-content\\\/uploads\\\/2020\\\/02\\\/LOGO-V2L_NOIR_BASE-LINE_150-90.jpg\",\"contentUrl\":\"https:\\\/\\\/v2lconsultant.fr\\\/wp-content\\\/uploads\\\/2020\\\/02\\\/LOGO-V2L_NOIR_BASE-LINE_150-90.jpg\",\"width\":150,\"height\":90,\"caption\":\"V2L consultant\"},\"image\":{\"@id\":\"https:\\\/\\\/v2lconsultant.fr\\\/#\\\/schema\\\/logo\\\/image\\\/\"},\"sameAs\":[\"https:\\\/\\\/www.facebook.com\\\/v2lconsultant\",\"https:\\\/\\\/www.linkedin.com\\\/in\\\/veroniquelelann13\\\/\"]}]}<\/script>\n<!-- \/ Yoast SEO plugin. -->","yoast_head_json":{"title":"Le consultant rh et coach, V\u00e9ronique Le lann - V2L Consultant %","description":"Une sp\u00e9cialiste de l'ing\u00e9nierie de formation, du management de projets RH et de l'accompagnement des \u00e9volutions professionnelles","robots":{"index":"index","follow":"follow","max-snippet":"max-snippet:-1","max-image-preview":"max-image-preview:large","max-video-preview":"max-video-preview:-1"},"canonical":"https:\/\/v2lconsultant.fr\/index.php\/a-propos-veronique-le-lann\/","og_locale":"fr_FR","og_type":"article","og_title":"Le consultant rh et coach, V\u00e9ronique Le lann - V2L Consultant %","og_description":"Une sp\u00e9cialiste de l'ing\u00e9nierie de formation, du management de projets RH et de l'accompagnement des \u00e9volutions professionnelles","og_url":"https:\/\/v2lconsultant.fr\/index.php\/a-propos-veronique-le-lann\/","og_site_name":"V2L Consultant","article_publisher":"https:\/\/www.facebook.com\/v2lconsultant","article_modified_time":"2025-03-22T17:06:01+00:00","og_image":[{"width":1750,"height":1431,"url":"https:\/\/v2lconsultant.fr\/wp-content\/uploads\/2021\/08\/WIN_20210831_12_12_21_Pro-Copie-4.jpg","type":"image\/jpeg"}],"twitter_card":"summary_large_image","twitter_misc":{"Dur\u00e9e de lecture estim\u00e9e":"3 minutes"},"schema":{"@context":"https:\/\/schema.org","@graph":[{"@type":"WebPage","@id":"https:\/\/v2lconsultant.fr\/index.php\/a-propos-veronique-le-lann\/","url":"https:\/\/v2lconsultant.fr\/index.php\/a-propos-veronique-le-lann\/","name":"Le consultant rh et coach, V\u00e9ronique Le lann - V2L Consultant %","isPartOf":{"@id":"https:\/\/v2lconsultant.fr\/#website"},"primaryImageOfPage":{"@id":"https:\/\/v2lconsultant.fr\/index.php\/a-propos-veronique-le-lann\/#primaryimage"},"image":{"@id":"https:\/\/v2lconsultant.fr\/index.php\/a-propos-veronique-le-lann\/#primaryimage"},"thumbnailUrl":"https:\/\/v2lconsultant.fr\/wp-content\/uploads\/2021\/08\/WIN_20210831_12_12_21_Pro-Copie-4.jpg","datePublished":"2020-02-14T13:05:26+00:00","dateModified":"2025-03-22T17:06:01+00:00","description":"Une sp\u00e9cialiste de l'ing\u00e9nierie de formation, du management de projets RH et de l'accompagnement des \u00e9volutions professionnelles","breadcrumb":{"@id":"https:\/\/v2lconsultant.fr\/index.php\/a-propos-veronique-le-lann\/#breadcrumb"},"inLanguage":"fr-FR","potentialAction":[{"@type":"ReadAction","target":["https:\/\/v2lconsultant.fr\/index.php\/a-propos-veronique-le-lann\/"]}]},{"@type":"ImageObject","inLanguage":"fr-FR","@id":"https:\/\/v2lconsultant.fr\/index.php\/a-propos-veronique-le-lann\/#primaryimage","url":"https:\/\/v2lconsultant.fr\/wp-content\/uploads\/2021\/08\/WIN_20210831_12_12_21_Pro-Copie-4.jpg","contentUrl":"https:\/\/v2lconsultant.fr\/wp-content\/uploads\/2021\/08\/WIN_20210831_12_12_21_Pro-Copie-4.jpg","width":1750,"height":1431},{"@type":"BreadcrumbList","@id":"https:\/\/v2lconsultant.fr\/index.php\/a-propos-veronique-le-lann\/#breadcrumb","itemListElement":[{"@type":"ListItem","position":1,"name":"Accueil","item":"https:\/\/v2lconsultant.fr\/"},{"@type":"ListItem","position":2,"name":"Le consultant rh et coach, V\u00e9ronique Le lann"}]},{"@type":"WebSite","@id":"https:\/\/v2lconsultant.fr\/#website","url":"https:\/\/v2lconsultant.fr\/","name":"V2Lconsultant","description":"FAITES DE VOTRE PROJET, UN REVE CONCRET!","publisher":{"@id":"https:\/\/v2lconsultant.fr\/#organization"},"potentialAction":[{"@type":"SearchAction","target":{"@type":"EntryPoint","urlTemplate":"https:\/\/v2lconsultant.fr\/?s={search_term_string}"},"query-input":{"@type":"PropertyValueSpecification","valueRequired":true,"valueName":"search_term_string"}}],"inLanguage":"fr-FR"},{"@type":"Organization","@id":"https:\/\/v2lconsultant.fr\/#organization","name":"V2L consultant","url":"https:\/\/v2lconsultant.fr\/","logo":{"@type":"ImageObject","inLanguage":"fr-FR","@id":"https:\/\/v2lconsultant.fr\/#\/schema\/logo\/image\/","url":"https:\/\/v2lconsultant.fr\/wp-content\/uploads\/2020\/02\/LOGO-V2L_NOIR_BASE-LINE_150-90.jpg","contentUrl":"https:\/\/v2lconsultant.fr\/wp-content\/uploads\/2020\/02\/LOGO-V2L_NOIR_BASE-LINE_150-90.jpg","width":150,"height":90,"caption":"V2L consultant"},"image":{"@id":"https:\/\/v2lconsultant.fr\/#\/schema\/logo\/image\/"},"sameAs":["https:\/\/www.facebook.com\/v2lconsultant","https:\/\/www.linkedin.com\/in\/veroniquelelann13\/"]}]}},"_links":{"self":[{"href":"https:\/\/v2lconsultant.fr\/index.php\/wp-json\/wp\/v2\/pages\/40","targetHints":{"allow":["GET"]}}],"collection":[{"href":"https:\/\/v2lconsultant.fr\/index.php\/wp-json\/wp\/v2\/pages"}],"about":[{"href":"https:\/\/v2lconsultant.fr\/index.php\/wp-json\/wp\/v2\/types\/page"}],"author":[{"embeddable":true,"href":"https:\/\/v2lconsultant.fr\/index.php\/wp-json\/wp\/v2\/users\/2"}],"replies":[{"embeddable":true,"href":"https:\/\/v2lconsultant.fr\/index.php\/wp-json\/wp\/v2\/comments?post=40"}],"version-history":[{"count":193,"href":"https:\/\/v2lconsultant.fr\/index.php\/wp-json\/wp\/v2\/pages\/40\/revisions"}],"predecessor-version":[{"id":3342,"href":"https:\/\/v2lconsultant.fr\/index.php\/wp-json\/wp\/v2\/pages\/40\/revisions\/3342"}],"wp:attachment":[{"href":"https:\/\/v2lconsultant.fr\/index.php\/wp-json\/wp\/v2\/media?parent=40"}],"curies":[{"name":"wp","href":"https:\/\/api.w.org\/{rel}","templated":true}]}}